{"id":40,"date":"2017-02-02T11:23:35","date_gmt":"2017-02-02T11:23:35","guid":{"rendered":"http:\/\/www.cavourpacinotti.net\/web\/?page_id=40"},"modified":"2026-04-21T12:43:22","modified_gmt":"2026-04-21T10:43:22","slug":"150-anni-di-storia","status":"publish","type":"page","link":"https:\/\/www.cavourpacinotti.net\/web\/150-anni-di-storia\/","title":{"rendered":"167 anni di Storia"},"content":{"rendered":"<div id=\"pl-40\" class=\"panel-layout\">\n<div id=\"pg-40-0\" class=\"panel-grid panel-no-style\">\n<div id=\"pgc-40-0-0\" class=\"panel-grid-cell\" data-weight=\"1\">\n<div id=\"panel-40-0-0-0\" class=\"so-panel widget widget_sow-editor panel-first-child panel-last-child\" data-index=\"0\" data-style=\"{&quot;background_image_attachment&quot;:false,&quot;background_display&quot;:&quot;tile&quot;}\">\n<div class=\"so-widget-sow-editor so-widget-sow-editor-base\">\n<div class=\"siteorigin-widget-tinymce textwidget\">\n<blockquote>\n<p style=\"text-align: justify;\">\u201cC\u2019\u00e8 un vecchio edificio, lungo i viali di circonvallazione, ormai ristrutturato e destinato a sede di uffici e civili abitazioni, che per pi\u00f9 di un secolo ha visto entrare e uscire giovani e giovanissimi con libri e cartelle: un tempo solo ragazzi in divisa, successivamente \u2013 con gli anni i costumi cambiano \u2013 anche ragazze, secondo mode diverse generazione dopo generazione. Ha visto insegnanti che vi sono rimasti per la loro intera carriera scolastica, altri solo qualche breve stagione; ed ha conosciuto differenti proprietari e direttori cos\u00ec come amministratori e bidelli.<br \/>\nIntorno ad esso una parte significativa della citt\u00e0 \u00e8 nata, \u00e8 cresciuta, \u00e8 cambiata.<br \/>\n\u00c8 l\u2019Istituto Convitto \u201cCavour\u201d, uno dei pi\u00f9 antichi di Firenze, che fino dal 1859, anno della sua fondazione, \u00e8 stato un punto di riferimento fondamentale nel sistema scolastico cittadino, un istituto \u201cstorico\u201d che ha educato ed istruito migliaia di giovani fiorentini e non, generando cultura in una citt\u00e0 che ha alle spalle una storia certo difficile e tormentata, ma che per centinaia di anni della cultura \u00e8 stata uno snodo ineludibile.\u201d<\/p>\n<\/blockquote>\n<p style=\"text-align: right;\">Tratto dal libro \u201cCavour 150\u201d, Paideia Edizioni, Firenze 2009<br \/>\nA cura di Stefania Bardi<br \/>\nIntroduzione e prefazione di Francesco Amodei e Giuseppe Furferi<\/p>\n<\/div>\n<\/div>\n<\/div>\n<\/div>\n<\/div>\n<div id=\"pg-40-1\" class=\"panel-grid panel-no-style\" data-style=\"{&quot;background_image_attachment&quot;:false,&quot;background_display&quot;:&quot;tile&quot;,&quot;bottom_margin&quot;:&quot;0px&quot;,&quot;cell_alignment&quot;:&quot;flex-start&quot;}\">\n<div id=\"pgc-40-1-0\" class=\"panel-grid-cell\" data-weight=\"0.33333333333333\">\n<div id=\"panel-40-1-0-0\" class=\"so-panel widget widget_sow-editor panel-first-child panel-last-child\" data-index=\"1\" data-style=\"{&quot;background_image_attachment&quot;:false,&quot;background_display&quot;:&quot;tile&quot;}\">\n<div class=\"so-widget-sow-editor so-widget-sow-editor-base\">\n<div class=\"siteorigin-widget-tinymce textwidget\">\n<p><a href=\"https:\/\/www.cavourpacinotti.net\/web\/wp-content\/uploads\/2017\/02\/cavour-04-1.jpg\" target=\"_blank\" rel=\"noopener noreferrer\"> <img loading=\"lazy\" decoding=\"async\" class=\"so-widget-image\" title=\"cavour-04\" src=\"https:\/\/www.cavourpacinotti.net\/web\/wp-content\/uploads\/2017\/02\/cavour-04-1.jpg\" sizes=\"auto, (max-width: 400px) 100vw, 400px\" srcset=\"https:\/\/www.cavourpacinotti.net\/web\/wp-content\/uploads\/2017\/02\/cavour-04-1.jpg 400w, https:\/\/www.cavourpacinotti.net\/web\/wp-content\/uploads\/2017\/02\/cavour-04-1-300x188.jpg 300w, https:\/\/www.cavourpacinotti.net\/web\/wp-content\/uploads\/2017\/02\/cavour-04-1-50x31.jpg 50w\" width=\"400\" height=\"250\" \/><br \/>\n<\/a><\/p>\n<\/div>\n<\/div>\n<\/div>\n<\/div>\n<div id=\"pgc-40-1-1\" class=\"panel-grid-cell\" data-weight=\"0.33333333333333\">\n<div id=\"panel-40-1-1-0\" class=\"so-panel widget widget_sow-editor panel-first-child panel-last-child\" data-index=\"2\" data-style=\"{&quot;background_display&quot;:&quot;tile&quot;}\">\n<div class=\"so-widget-sow-editor so-widget-sow-editor-base\">\n<div class=\"siteorigin-widget-tinymce textwidget\"><a href=\"https:\/\/www.cavourpacinotti.net\/web\/wp-content\/uploads\/2017\/02\/cavour-03-1.jpg\" target=\"_blank\" rel=\"noopener noreferrer\"> <img loading=\"lazy\" decoding=\"async\" class=\"so-widget-image\" title=\"cavour-03\" src=\"https:\/\/www.cavourpacinotti.net\/web\/wp-content\/uploads\/2017\/02\/cavour-03-1.jpg\" sizes=\"auto, (max-width: 400px) 100vw, 400px\" srcset=\"https:\/\/www.cavourpacinotti.net\/web\/wp-content\/uploads\/2017\/02\/cavour-03-1.jpg 400w, https:\/\/www.cavourpacinotti.net\/web\/wp-content\/uploads\/2017\/02\/cavour-03-1-300x188.jpg 300w, https:\/\/www.cavourpacinotti.net\/web\/wp-content\/uploads\/2017\/02\/cavour-03-1-50x31.jpg 50w\" width=\"400\" height=\"250\" \/><br \/>\n<\/a><\/div>\n<\/div>\n<\/div>\n<\/div>\n<div id=\"pgc-40-1-2\" class=\"panel-grid-cell\" data-weight=\"0.33333333333333\">\n<div id=\"panel-40-1-2-0\" class=\"so-panel widget widget_sow-editor panel-first-child panel-last-child\" data-index=\"3\" data-style=\"{&quot;background_display&quot;:&quot;tile&quot;}\">\n<div class=\"so-widget-sow-editor so-widget-sow-editor-base\">\n<div class=\"siteorigin-widget-tinymce textwidget\"><a href=\"https:\/\/www.cavourpacinotti.net\/web\/wp-content\/uploads\/2017\/02\/cavour-02-1.jpg\" target=\"_blank\" rel=\"noopener noreferrer\"> <img loading=\"lazy\" decoding=\"async\" class=\"so-widget-image\" title=\"cavour-02\" src=\"https:\/\/www.cavourpacinotti.net\/web\/wp-content\/uploads\/2017\/02\/cavour-02-1.jpg\" sizes=\"auto, (max-width: 400px) 100vw, 400px\" srcset=\"https:\/\/www.cavourpacinotti.net\/web\/wp-content\/uploads\/2017\/02\/cavour-02-1.jpg 400w, https:\/\/www.cavourpacinotti.net\/web\/wp-content\/uploads\/2017\/02\/cavour-02-1-300x188.jpg 300w, https:\/\/www.cavourpacinotti.net\/web\/wp-content\/uploads\/2017\/02\/cavour-02-1-50x31.jpg 50w\" width=\"400\" height=\"250\" \/><br \/>\n<\/a><\/div>\n<\/div>\n<\/div>\n<\/div>\n<\/div>\n<div id=\"pg-40-2\" class=\"panel-grid panel-has-style\" data-style=\"{&quot;padding&quot;:&quot;20px 20px 20px 20px&quot;,&quot;background_image_attachment&quot;:false,&quot;background_display&quot;:&quot;tile&quot;,&quot;cell_alignment&quot;:&quot;flex-start&quot;}\" data-ratio=\"1\" data-ratio-direction=\"right\">\n<div class=\"panel-row-style panel-row-style-for-40-2\">\n<h2 id=\"pgc-40-2-2\" class=\"panel-grid-cell panel-grid-cell-empty\" data-weight=\"0.33333333333333\">Il 165\u00b0 Anniversario<\/h2>\n<\/div>\n<\/div>\n<div id=\"pg-40-3\" class=\"panel-grid panel-no-style\" data-style=\"{&quot;background_display&quot;:&quot;tile&quot;}\">\n<div id=\"pgc-40-3-0\" class=\"panel-grid-cell\" data-weight=\"1\">\n<div id=\"panel-40-3-0-0\" class=\"so-panel widget widget_sow-editor panel-first-child panel-last-child\" data-index=\"5\" data-style=\"{&quot;background_image_attachment&quot;:false,&quot;background_display&quot;:&quot;tile&quot;}\">\n<div class=\"so-widget-sow-editor so-widget-sow-editor-base\">\n<div class=\"siteorigin-widget-tinymce textwidget\">\n<div class=\"siteorigin-widget-tinymce textwidget\">\n<p style=\"text-align: left;\">Dopo tanti anni di attivit\u00e0, non \u00e8 cambiato lo spirito con il quale l\u2019istituto da sempre ha dato il \u201ctaglio\u201d al suo progetto educativo, che attraverso gli anni, attraverso l\u2019esperienza di due conflitti mondiali, attraverso regimi e ideologie contrastanti, si \u00e8 caratterizzato prima di tutto per l\u2019<strong>estrema apertura e per l\u2019accoglienza nei confronti delle tipologie pi\u00f9 differenti di utenza<\/strong>; per la <strong>professionalit\u00e0 dell\u2019insegnamento<\/strong>; per la <strong>cura dell\u2019ambiente educativo<\/strong> all\u2019interno del quale i ragazzi compiono la loro esperienza scolastica; per la <strong>sensibilit\u00e0 verso i problemi<\/strong> che l\u2019et\u00e0 adolescenziale e giovanile riverbera nella quotidianit\u00e0 dello studio; per la <strong>capacit\u00e0 infine di entrare in rapporto con le famiglie degli studenti<\/strong> stessi, impegnandosi costantemente a costruire percorsi formativi comuni che hanno per unico scopo la crescita in senso globale.<\/p>\n<\/div>\n<div class=\"siteorigin-widget-tinymce textwidget\"><\/div>\n<\/div>\n<\/div>\n<\/div>\n<\/div>\n<\/div>\n<\/div>\n<style type=\"text\/css\" class=\"panels-style\" data-panels-style-for-post=\"40\">@import url(https:\/\/www.cavourpacinotti.net\/web\/wp-content\/plugins\/siteorigin-panels\/css\/front-flex.min.css); #pgc-40-0-0 , #pgc-40-3-0 { width:100%;width:calc(100% - ( 0 * 30px ) ) } #pl-40 #panel-40-0-0-0 , #pl-40 #panel-40-1-0-0 , #pl-40 #panel-40-1-1-0 , #pl-40 #panel-40-1-2-0 , #pl-40 #panel-40-2-1-0 , #pl-40 #panel-40-3-0-0 {  } #pg-40-0 , #pg-40-2 , #pl-40 .so-panel { margin-bottom:35px } #pgc-40-1-0 , #pgc-40-1-1 , #pgc-40-1-2 , #pgc-40-2-0 , #pgc-40-2-1 , #pgc-40-2-2 { width:33.3333%;width:calc(33.3333% - ( 0.66666666666667 * 30px ) ) } #pg-40-1 , #pl-40 .so-panel:last-child { margin-bottom:0px } #pg-40-1.panel-no-style, #pg-40-1.panel-has-style > .panel-row-style , #pg-40-2.panel-no-style, #pg-40-2.panel-has-style > .panel-row-style { -webkit-align-items:flex-start;align-items:flex-start } #pg-40-2> .panel-row-style { padding:20px 20px 20px 20px } @media (max-width:780px){ #pg-40-0.panel-no-style, #pg-40-0.panel-has-style > .panel-row-style , #pg-40-1.panel-no-style, #pg-40-1.panel-has-style > .panel-row-style , #pg-40-2.panel-no-style, #pg-40-2.panel-has-style > .panel-row-style , #pg-40-3.panel-no-style, #pg-40-3.panel-has-style > .panel-row-style { -webkit-flex-direction:column;-ms-flex-direction:column;flex-direction:column } #pg-40-0 > .panel-grid-cell , #pg-40-0 > .panel-row-style > .panel-grid-cell , #pg-40-1 > .panel-grid-cell , #pg-40-1 > .panel-row-style > .panel-grid-cell , #pg-40-2 > .panel-grid-cell , #pg-40-2 > .panel-row-style > .panel-grid-cell , #pg-40-3 > .panel-grid-cell , #pg-40-3 > .panel-row-style > .panel-grid-cell { width:100%;margin-right:0 } #pgc-40-1-0 , #pgc-40-1-1 , #pgc-40-2-0 , #pgc-40-2-1 { margin-bottom:35px } #pl-40 .panel-grid-cell { padding:0 } #pl-40 .panel-grid .panel-grid-cell-empty { display:none } #pl-40 .panel-grid .panel-grid-cell-mobile-last { margin-bottom:0px }  } <\/style>\n","protected":false},"excerpt":{"rendered":"<p>\u201cC\u2019\u00e8 un vecchio edificio, lungo i viali di circonvallazione, ormai ristrutturato e destinato a sede di uffici e civili abitazioni, [&hellip;]<\/p>\n","protected":false},"author":2,"featured_media":0,"parent":0,"menu_order":0,"comment_status":"closed","ping_status":"closed","template":"","meta":{"footnotes":""},"class_list":["post-40","page","type-page","status-publish","hentry","post"],"yoast_head":"<!-- This site is optimized with the Yoast SEO plugin v28.2 - https:\/\/yoast.com\/product\/yoast-seo-wordpress\/ -->\n<title>167 anni di Storia - Istituti Paritari Cavour Pacinotti - Firenze<\/title>\n<meta name=\"robots\" content=\"index, follow, max-snippet:-1, max-image-preview:large, max-video-preview:-1\" \/>\n<link rel=\"canonical\" href=\"https:\/\/www.cavourpacinotti.net\/web\/150-anni-di-storia\/\" \/>\n<meta property=\"og:locale\" content=\"it_IT\" \/>\n<meta property=\"og:type\" content=\"article\" \/>\n<meta property=\"og:title\" content=\"167 anni di Storia - Istituti Paritari Cavour Pacinotti - Firenze\" \/>\n<meta property=\"og:description\" content=\"\u201cC\u2019\u00e8 un vecchio edificio, lungo i viali di circonvallazione, ormai ristrutturato e destinato a sede di uffici e civili abitazioni, [&hellip;]\" \/>\n<meta property=\"og:url\" content=\"https:\/\/www.cavourpacinotti.net\/web\/150-anni-di-storia\/\" \/>\n<meta property=\"og:site_name\" content=\"Istituti Paritari Cavour Pacinotti - Firenze\" \/>\n<meta property=\"article:modified_time\" content=\"2026-04-21T10:43:22+00:00\" \/>\n<meta property=\"og:image\" content=\"https:\/\/www.cavourpacinotti.net\/web\/wp-content\/uploads\/2017\/02\/cavour-04-1.jpg\" \/>\n<meta name=\"twitter:card\" content=\"summary_large_image\" \/>\n<meta name=\"twitter:label1\" content=\"Tempo di lettura stimato\" \/>\n\t<meta name=\"twitter:data1\" content=\"2 minuti\" \/>\n<script type=\"application\/ld+json\" class=\"yoast-schema-graph\">{\"@context\":\"https:\\\/\\\/schema.org\",\"@graph\":[{\"@type\":\"WebPage\",\"@id\":\"https:\\\/\\\/www.cavourpacinotti.net\\\/web\\\/150-anni-di-storia\\\/\",\"url\":\"https:\\\/\\\/www.cavourpacinotti.net\\\/web\\\/150-anni-di-storia\\\/\",\"name\":\"167 anni di Storia - Istituti Paritari Cavour Pacinotti - Firenze\",\"isPartOf\":{\"@id\":\"https:\\\/\\\/www.cavourpacinotti.net\\\/web\\\/#website\"},\"primaryImageOfPage\":{\"@id\":\"https:\\\/\\\/www.cavourpacinotti.net\\\/web\\\/150-anni-di-storia\\\/#primaryimage\"},\"image\":{\"@id\":\"https:\\\/\\\/www.cavourpacinotti.net\\\/web\\\/150-anni-di-storia\\\/#primaryimage\"},\"thumbnailUrl\":\"https:\\\/\\\/www.cavourpacinotti.net\\\/web\\\/wp-content\\\/uploads\\\/2017\\\/02\\\/cavour-04-1.jpg\",\"datePublished\":\"2017-02-02T11:23:35+00:00\",\"dateModified\":\"2026-04-21T10:43:22+00:00\",\"breadcrumb\":{\"@id\":\"https:\\\/\\\/www.cavourpacinotti.net\\\/web\\\/150-anni-di-storia\\\/#breadcrumb\"},\"inLanguage\":\"it-IT\",\"potentialAction\":[{\"@type\":\"ReadAction\",\"target\":[\"https:\\\/\\\/www.cavourpacinotti.net\\\/web\\\/150-anni-di-storia\\\/\"]}]},{\"@type\":\"ImageObject\",\"inLanguage\":\"it-IT\",\"@id\":\"https:\\\/\\\/www.cavourpacinotti.net\\\/web\\\/150-anni-di-storia\\\/#primaryimage\",\"url\":\"https:\\\/\\\/www.cavourpacinotti.net\\\/web\\\/wp-content\\\/uploads\\\/2017\\\/02\\\/cavour-04-1.jpg\",\"contentUrl\":\"https:\\\/\\\/www.cavourpacinotti.net\\\/web\\\/wp-content\\\/uploads\\\/2017\\\/02\\\/cavour-04-1.jpg\",\"width\":400,\"height\":250},{\"@type\":\"BreadcrumbList\",\"@id\":\"https:\\\/\\\/www.cavourpacinotti.net\\\/web\\\/150-anni-di-storia\\\/#breadcrumb\",\"itemListElement\":[{\"@type\":\"ListItem\",\"position\":1,\"name\":\"Home\",\"item\":\"https:\\\/\\\/www.cavourpacinotti.net\\\/web\\\/\"},{\"@type\":\"ListItem\",\"position\":2,\"name\":\"167 anni di Storia\"}]},{\"@type\":\"WebSite\",\"@id\":\"https:\\\/\\\/www.cavourpacinotti.net\\\/web\\\/#website\",\"url\":\"https:\\\/\\\/www.cavourpacinotti.net\\\/web\\\/\",\"name\":\"Istituti Paritari Cavour Pacinotti - Firenze\",\"description\":\"Da oltre 150 anni la tua scuola a Firenze\",\"publisher\":{\"@id\":\"https:\\\/\\\/www.cavourpacinotti.net\\\/web\\\/#organization\"},\"potentialAction\":[{\"@type\":\"SearchAction\",\"target\":{\"@type\":\"EntryPoint\",\"urlTemplate\":\"https:\\\/\\\/www.cavourpacinotti.net\\\/web\\\/?s={search_term_string}\"},\"query-input\":{\"@type\":\"PropertyValueSpecification\",\"valueRequired\":true,\"valueName\":\"search_term_string\"}}],\"inLanguage\":\"it-IT\"},{\"@type\":\"Organization\",\"@id\":\"https:\\\/\\\/www.cavourpacinotti.net\\\/web\\\/#organization\",\"name\":\"Istituti Paritari Cavour Pacinotti - Firenze\",\"url\":\"https:\\\/\\\/www.cavourpacinotti.net\\\/web\\\/\",\"logo\":{\"@type\":\"ImageObject\",\"inLanguage\":\"it-IT\",\"@id\":\"https:\\\/\\\/www.cavourpacinotti.net\\\/web\\\/#\\\/schema\\\/logo\\\/image\\\/\",\"url\":\"https:\\\/\\\/www.cavourpacinotti.net\\\/web\\\/wp-content\\\/uploads\\\/2020\\\/02\\\/cavour.png\",\"contentUrl\":\"https:\\\/\\\/www.cavourpacinotti.net\\\/web\\\/wp-content\\\/uploads\\\/2020\\\/02\\\/cavour.png\",\"width\":200,\"height\":200,\"caption\":\"Istituti Paritari Cavour Pacinotti - Firenze\"},\"image\":{\"@id\":\"https:\\\/\\\/www.cavourpacinotti.net\\\/web\\\/#\\\/schema\\\/logo\\\/image\\\/\"}}]}<\/script>\n<!-- \/ Yoast SEO plugin. -->","yoast_head_json":{"title":"167 anni di Storia - Istituti Paritari Cavour Pacinotti - Firenze","robots":{"index":"index","follow":"follow","max-snippet":"max-snippet:-1","max-image-preview":"max-image-preview:large","max-video-preview":"max-video-preview:-1"},"canonical":"https:\/\/www.cavourpacinotti.net\/web\/150-anni-di-storia\/","og_locale":"it_IT","og_type":"article","og_title":"167 anni di Storia - Istituti Paritari Cavour Pacinotti - Firenze","og_description":"\u201cC\u2019\u00e8 un vecchio edificio, lungo i viali di circonvallazione, ormai ristrutturato e destinato a sede di uffici e civili abitazioni, [&hellip;]","og_url":"https:\/\/www.cavourpacinotti.net\/web\/150-anni-di-storia\/","og_site_name":"Istituti Paritari Cavour Pacinotti - Firenze","article_modified_time":"2026-04-21T10:43:22+00:00","og_image":[{"url":"https:\/\/www.cavourpacinotti.net\/web\/wp-content\/uploads\/2017\/02\/cavour-04-1.jpg","type":"","width":"","height":""}],"twitter_card":"summary_large_image","twitter_misc":{"Tempo di lettura stimato":"2 minuti"},"schema":{"@context":"https:\/\/schema.org","@graph":[{"@type":"WebPage","@id":"https:\/\/www.cavourpacinotti.net\/web\/150-anni-di-storia\/","url":"https:\/\/www.cavourpacinotti.net\/web\/150-anni-di-storia\/","name":"167 anni di Storia - Istituti Paritari Cavour Pacinotti - Firenze","isPartOf":{"@id":"https:\/\/www.cavourpacinotti.net\/web\/#website"},"primaryImageOfPage":{"@id":"https:\/\/www.cavourpacinotti.net\/web\/150-anni-di-storia\/#primaryimage"},"image":{"@id":"https:\/\/www.cavourpacinotti.net\/web\/150-anni-di-storia\/#primaryimage"},"thumbnailUrl":"https:\/\/www.cavourpacinotti.net\/web\/wp-content\/uploads\/2017\/02\/cavour-04-1.jpg","datePublished":"2017-02-02T11:23:35+00:00","dateModified":"2026-04-21T10:43:22+00:00","breadcrumb":{"@id":"https:\/\/www.cavourpacinotti.net\/web\/150-anni-di-storia\/#breadcrumb"},"inLanguage":"it-IT","potentialAction":[{"@type":"ReadAction","target":["https:\/\/www.cavourpacinotti.net\/web\/150-anni-di-storia\/"]}]},{"@type":"ImageObject","inLanguage":"it-IT","@id":"https:\/\/www.cavourpacinotti.net\/web\/150-anni-di-storia\/#primaryimage","url":"https:\/\/www.cavourpacinotti.net\/web\/wp-content\/uploads\/2017\/02\/cavour-04-1.jpg","contentUrl":"https:\/\/www.cavourpacinotti.net\/web\/wp-content\/uploads\/2017\/02\/cavour-04-1.jpg","width":400,"height":250},{"@type":"BreadcrumbList","@id":"https:\/\/www.cavourpacinotti.net\/web\/150-anni-di-storia\/#breadcrumb","itemListElement":[{"@type":"ListItem","position":1,"name":"Home","item":"https:\/\/www.cavourpacinotti.net\/web\/"},{"@type":"ListItem","position":2,"name":"167 anni di Storia"}]},{"@type":"WebSite","@id":"https:\/\/www.cavourpacinotti.net\/web\/#website","url":"https:\/\/www.cavourpacinotti.net\/web\/","name":"Istituti Paritari Cavour Pacinotti - Firenze","description":"Da oltre 150 anni la tua scuola a Firenze","publisher":{"@id":"https:\/\/www.cavourpacinotti.net\/web\/#organization"},"potentialAction":[{"@type":"SearchAction","target":{"@type":"EntryPoint","urlTemplate":"https:\/\/www.cavourpacinotti.net\/web\/?s={search_term_string}"},"query-input":{"@type":"PropertyValueSpecification","valueRequired":true,"valueName":"search_term_string"}}],"inLanguage":"it-IT"},{"@type":"Organization","@id":"https:\/\/www.cavourpacinotti.net\/web\/#organization","name":"Istituti Paritari Cavour Pacinotti - Firenze","url":"https:\/\/www.cavourpacinotti.net\/web\/","logo":{"@type":"ImageObject","inLanguage":"it-IT","@id":"https:\/\/www.cavourpacinotti.net\/web\/#\/schema\/logo\/image\/","url":"https:\/\/www.cavourpacinotti.net\/web\/wp-content\/uploads\/2020\/02\/cavour.png","contentUrl":"https:\/\/www.cavourpacinotti.net\/web\/wp-content\/uploads\/2020\/02\/cavour.png","width":200,"height":200,"caption":"Istituti Paritari Cavour Pacinotti - Firenze"},"image":{"@id":"https:\/\/www.cavourpacinotti.net\/web\/#\/schema\/logo\/image\/"}}]}},"_links":{"self":[{"href":"https:\/\/www.cavourpacinotti.net\/web\/wp-json\/wp\/v2\/pages\/40","targetHints":{"allow":["GET"]}}],"collection":[{"href":"https:\/\/www.cavourpacinotti.net\/web\/wp-json\/wp\/v2\/pages"}],"about":[{"href":"https:\/\/www.cavourpacinotti.net\/web\/wp-json\/wp\/v2\/types\/page"}],"author":[{"embeddable":true,"href":"https:\/\/www.cavourpacinotti.net\/web\/wp-json\/wp\/v2\/users\/2"}],"replies":[{"embeddable":true,"href":"https:\/\/www.cavourpacinotti.net\/web\/wp-json\/wp\/v2\/comments?post=40"}],"version-history":[{"count":72,"href":"https:\/\/www.cavourpacinotti.net\/web\/wp-json\/wp\/v2\/pages\/40\/revisions"}],"predecessor-version":[{"id":8537,"href":"https:\/\/www.cavourpacinotti.net\/web\/wp-json\/wp\/v2\/pages\/40\/revisions\/8537"}],"wp:attachment":[{"href":"https:\/\/www.cavourpacinotti.net\/web\/wp-json\/wp\/v2\/media?parent=40"}],"curies":[{"name":"wp","href":"https:\/\/api.w.org\/{rel}","templated":true}]}}